{"id":25687,"date":"2026-08-23T16:19:49","date_gmt":"2026-08-23T15:19:49","guid":{"rendered":"https:\/\/www.fez-realestate.com\/?post_type=property&#038;p=25687"},"modified":"2026-08-23T16:19:51","modified_gmt":"2026-08-23T15:19:51","slug":"a-vendre-riad-de-4-chambres-joliement-restaure","status":"publish","type":"property","link":"https:\/\/www.fez-realestate.com\/fr\/property\/a-vendre-riad-de-4-chambres-joliement-restaure\/","title":{"rendered":"A VENDRE Riad de 4 chambres joliement restaur\u00e9"},"content":{"rendered":"\n<p class=\"wp-block-paragraph\">Au c\u0153ur de la m\u00e9dina de F\u00e8s, le long de Talaa Sghira et \u00e0 proximit\u00e9 de Souiqt Ben Safi, cette maison de quatre chambres offre la possibilit\u00e9 de vivre au sein du tissu architectural et culturel de l&#8217;une des grandes villes historiques du Maroc.<\/p>\n\n\n\n<p class=\"wp-block-paragraph\">Entrez par sa grande porte en c\u00e8dre pour d\u00e9couvrir un riad riche de l&#8217;artisanat Fassi caract\u00e9ristique. Le zellige g\u00e9om\u00e9trique, les pl\u00e2tres sculpt\u00e9s, les portes et boiseries substantielles en c\u00e8dre, les arches gracieuses et les hauts plafonds pr\u00e9servent le caract\u00e8re d&#8217;une belle maison de m\u00e9dina. La cour centrale est spacieuse mais intime, avec deux salons marocains offrant des lieux naturels pour se r\u00e9unir, lire et recevoir des invit\u00e9s.<\/p>\n\n\n\n<p class=\"wp-block-paragraph\">Le riad comprend quatre chambres et trois salles de bains, ainsi qu&#8217;une cuisine d\u00eenatoire judicieusement am\u00e9nag\u00e9e combinant des \u00e9quipements modernes et pratiques avec des mat\u00e9riaux et des finitions traditionnels.<\/p>\n\n\n\n<p class=\"wp-block-paragraph\">Depuis la terrasse, une vue imprenable s&#8217;\u00e9tend sur les toits de la m\u00e9dina, offrant une merveilleuse impression de la densit\u00e9, de l&#8217;histoire et de la lumi\u00e8re changeante de la vieille ville.<\/p>\n\n\n\n<p class=\"wp-block-paragraph\">Son emplacement pr\u00e8s de Talaa Sghira place la maison au sein de la m\u00e9dina vivante, entour\u00e9e de rues historiques, de commerces de quartier, d&#8217;artisans et d&#8217;architecture centenaire, tout en restant id\u00e9alement proche des parkings et des taxis.<\/p>\n\n\n\n<p class=\"wp-block-paragraph\">Une maison id\u00e9ale \u00e0 F\u00e8s pour ceux qui recherchent l&#8217;authenticit\u00e9, les d\u00e9tails architecturaux et un lien intime avec la vie de la vieille ville.<\/p>\n\n\n\n<p class=\"wp-block-paragraph\">La propri\u00e9t\u00e9 est titr\u00e9e et propos\u00e9e partiellement meubl\u00e9e.<\/p>\n","protected":false},"excerpt":{"rendered":"<p>Au c\u0153ur de la m\u00e9dina de F\u00e8s, le long de Talaa Sghira et \u00e0 proximit\u00e9 de Souiqt Ben Safi, cette maison de quatre chambres offre la possibilit\u00e9 de vivre au sein du tissu architectural et culturel de l&#8217;une des grandes villes historiques du Maroc. Entrez par sa grande porte en c\u00e8dre pour d\u00e9couvrir un riad [&hellip;]<\/p>\n","protected":false},"author":6,"featured_media":25611,"parent":0,"menu_order":0,"template":"","property_type":[131],"property_status":[346],"property_feature":[],"property_label":[134],"property_area":[147],"class_list":["post-25687","property","type-property","status-publish","has-post-thumbnail","hentry","property_type-renove","property_status-a-vendre","property_label-nouvelle-maison","property_area-talaa-fr"],"property_meta":{"_edit_lock":["1787499177:6"],"_wpml_word_count":["274"],"_thumbnail_id":["25611"],"_last_translation_edit_mode":["native-editor"],"_edit_last":["6"],"fave_property_price":["2800000"],"fave_show_price_placeholder":["0"],"fave_property_land":["138"],"fave_property_bedrooms":["4"],"fave_property_rooms":["9"],"fave_property_bathrooms":["3"],"fave_property_id":["Ref24a"],"fave_terrace1541596996f5be2e7445167f":["2 terrasses, vues surplombantes la medina"],"fave_titled1541672023f5be40c57a3036":["Yes"],"fave_property_map":["1"],"fave_property_location":["25.68654,-80.431345,15"],"houzez_geolocation_lat":["25.68654"],"houzez_geolocation_long":["-80.431345"],"fave_property_map_street_view":["hide"],"houzez_featured_listing_date":["2026-08-23 16:19:51"],"fave_loggedintoview":["0"],"fave_agent_display_option":["author_info"],"fave_prop_homeslider":["no"],"fave_single_top_area":["global"],"fave_single_content_area":["global"],"houzez_manual_expire":["0"],"_houzez_expiration_date_status":["saved"],"_wpml_media_duplicate":["1"],"_wpml_media_featured":["1"],"fave_featured":["1"],"fave_property_images":["25610","25618","25614","25616","25602","25624","25604","25606","25622","25608","25626","25628","25630","25632","25634","25636"],"houzez_total_property_views":["145"],"houzez_views_by_date":["a:14:{s:10:\"08-23-2026\";i:14;s:10:\"08-24-2026\";i:16;s:10:\"08-25-2026\";i:9;s:10:\"08-26-2026\";i:15;s:10:\"08-27-2026\";i:13;s:10:\"08-28-2026\";i:7;s:10:\"08-29-2026\";i:13;s:10:\"08-30-2026\";i:12;s:10:\"08-31-2026\";i:13;s:10:\"09-01-2026\";i:5;s:10:\"09-02-2026\";i:6;s:10:\"09-03-2026\";i:12;s:10:\"09-04-2026\";i:8;s:10:\"09-05-2026\";i:2;}"],"houzez_recently_viewed":["2026-09-05 07:01:21"],"_elementor_page_assets":["a:0:{}"]},"_links":{"self":[{"href":"https:\/\/www.fez-realestate.com\/fr\/wp-json\/wp\/v2\/properties\/25687","targetHints":{"allow":["GET"]}}],"collection":[{"href":"https:\/\/www.fez-realestate.com\/fr\/wp-json\/wp\/v2\/properties"}],"about":[{"href":"https:\/\/www.fez-realestate.com\/fr\/wp-json\/wp\/v2\/types\/property"}],"author":[{"embeddable":true,"href":"https:\/\/www.fez-realestate.com\/fr\/wp-json\/wp\/v2\/users\/6"}],"version-history":[{"count":2,"href":"https:\/\/www.fez-realestate.com\/fr\/wp-json\/wp\/v2\/properties\/25687\/revisions"}],"predecessor-version":[{"id":25689,"href":"https:\/\/www.fez-realestate.com\/fr\/wp-json\/wp\/v2\/properties\/25687\/revisions\/25689"}],"wp:featuredmedia":[{"embeddable":true,"href":"https:\/\/www.fez-realestate.com\/fr\/wp-json\/wp\/v2\/media\/25611"}],"wp:attachment":[{"href":"https:\/\/www.fez-realestate.com\/fr\/wp-json\/wp\/v2\/media?parent=25687"}],"wp:term":[{"taxonomy":"property_type","embeddable":true,"href":"https:\/\/www.fez-realestate.com\/fr\/wp-json\/wp\/v2\/property_type?post=25687"},{"taxonomy":"property_status","embeddable":true,"href":"https:\/\/www.fez-realestate.com\/fr\/wp-json\/wp\/v2\/property_status?post=25687"},{"taxonomy":"property_feature","embeddable":true,"href":"https:\/\/www.fez-realestate.com\/fr\/wp-json\/wp\/v2\/property_feature?post=25687"},{"taxonomy":"property_label","embeddable":true,"href":"https:\/\/www.fez-realestate.com\/fr\/wp-json\/wp\/v2\/property_label?post=25687"},{"taxonomy":"property_area","embeddable":true,"href":"https:\/\/www.fez-realestate.com\/fr\/wp-json\/wp\/v2\/property_area?post=25687"}],"curies":[{"name":"wp","href":"https:\/\/api.w.org\/{rel}","templated":true}]}}